{"id":98,"date":"2020-03-24T12:10:50","date_gmt":"2020-03-24T12:10:50","guid":{"rendered":"http:\/\/rogle.blogs.upv.es\/?page_id=98"},"modified":"2024-04-03T09:16:42","modified_gmt":"2024-04-03T09:16:42","slug":"investigadores","status":"publish","type":"page","link":"https:\/\/rogle.blogs.upv.es\/?page_id=98","title":{"rendered":"ROGLE members"},"content":{"rendered":"<p>Carlos Andr\u00e9s Romano <a href=\"https:\/\/www.upv.es\/pls\/oalu\/sic_person.Info?p_alias=candres&amp;P_IDIOMA=i\">https:\/\/www.upv.es\/pls\/oalu\/sic_person.Info?p_alias=candres&amp;P_IDIOMA=i<\/a><\/p>\n<p>Lourdes Can\u00f3s Daros <a href=\"https:\/\/www.upv.es\/pls\/oalu\/sic_person.Info?p_alias=loucada&amp;P_IDIOMA=i\">https:\/\/www.upv.es\/pls\/oalu\/sic_person.Info?p_alias=loucada&amp;P_IDIOMA=i<\/a><\/p>\n<p>Jose P. Garcia Sabater <a href=\"https:\/\/www.upv.es\/pls\/oalu\/sic_person.Info?p_alias=jpgarcia&amp;P_IDIOMA=i\">https:\/\/www.upv.es\/pls\/oalu\/sic_person.Info?p_alias=jpgarcia&amp;P_IDIOMA=i<\/a><\/p>\n<p>Julio J. Garcia Sabater <a href=\"https:\/\/www.upv.es\/pls\/oalu\/sic_person.Info?p_alias=jugarsa&amp;P_IDIOMA=i\">https:\/\/www.upv.es\/pls\/oalu\/sic_person.Info?p_alias=jugarsa&amp;P_IDIOMA=i<\/a><\/p>\n<p>Julien Maheut <a href=\"https:\/\/www.upv.es\/pls\/oalu\/sic_person.Info?p_alias=juma2&amp;P_IDIOMA=i\">https:\/\/www.upv.es\/pls\/oalu\/sic_person.Info?p_alias=juma2&amp;P_IDIOMA=i<\/a><\/p>\n<p>Juan Antonio Mar\u00edn Garcia. <a href=\"https:\/\/www.upv.es\/pls\/oalu\/sic_person.Info?p_alias=jamarin&amp;P_IDIOMA=i\">https:\/\/www.upv.es\/pls\/oalu\/sic_person.Info?p_alias=jamarin&amp;P_IDIOMA=i<\/a><\/p>\n<p>Cristobal Miralles Insa&nbsp; <a href=\"https:\/\/www.researchgate.net\/profile\/Miralles_Cristobal\">https:\/\/www.researchgate.net\/profile\/Miralles_Cristobal<\/a><\/p>\n<p>Pilar I. Vidal Carreras <a href=\"https:\/\/www.upv.es\/pls\/oalu\/sic_person.Info?p_alias=pivicar&amp;P_IDIOMA=i\">https:\/\/www.upv.es\/pls\/oalu\/sic_person.Info?p_alias=pivicar&amp;P_IDIOMA=i<\/a><\/p>\n<p>&nbsp;<\/p>\n<h2>Researchers<\/h2>\n<p><span style=\"text-decoration: underline\"><strong>Carlos Andr\u00e9s Romano<\/strong><\/span><\/p>\n<p>Carlos Andr\u00e9s Romano, has been a Doctor of Industrial Engineering since 2001 and a University Full Professor since 2017 in the Department of Business Organization of the Polytechnic University of Valencia. He teaches at the Higher Technical School of Industrial Engineers of Valencia.<\/p>\n<p>His research career has focused on more than 25 years of activity in areas such as Cellular Manufacturing, Work Study, Production Scheduling and Sequencing or Combinatorial Optimization mainly. Having developed in these areas Methodologies, Conceptual Frameworks, Operational Research Models (OR\/MS) and Artificial Intelligence (AI), Decision Support Systems (DSS) and Digital Technologies, in a deterministic and uncertain context. The main industrial sectors in which he has worked are ceramics, automobiles, footwear and food distribution.<\/p>\n<p style=\"font-weight: 400\">His research has taken the form of 3 six-year periods of research and 1 of transfer, 9 doctoral theses in the last 10 years, more than 400 total citations of his 30 articles in indexed journals of which 47% are in the first tertile and 37 % in the second tertile, 12 book chapters in prestigious international publishers and participation in nearly 140 conferences, almost all of them international peer review, in addition to participation in 38 research projects funded in public and private calls.<\/p>\n<p style=\"font-weight: 400\">In the teaching field, he has participated in 28 teaching innovation projects, where it is worth highlighting the award for teaching excellence that he received in 2001 and the 2nd award received at the UPV for the application of Flip Teaching methodologies to the GIOi subject of \u201cProgramming and Production and Operations Control\u201d.<\/p>\n<p style=\"font-weight: 400\">He has been or is a member of the following scientific associations: \u201cRoyal Economic Society of Friends of the Country of Valencia\u201d, \u201cEURO -The Association of European Operational Research Societies\u201d, \u201cAssociation for the Development of Organization Engineering \u2013 ADINGOR\u201d and \u201c Spanish Society of Statistics and Operational Research SEIO.<\/p>\n<p style=\"font-weight: 400\">Web page : <a href=\"http:\/\/www.upv.es\/ficha-personal\/candres\">http:\/\/www.upv.es\/ficha-personal\/candres<\/a><\/p>\n<p style=\"font-weight: 400\">Linkedin:&nbsp;<a href=\"https:\/\/www.linkedin.com\/in\/carlos-andres-romano-743388252\/\">https:\/\/www.linkedin.com\/in\/carlos-andres-romano-743388252\/<\/a><\/p>\n<p>&nbsp; &nbsp; &nbsp; &nbsp; &nbsp; &nbsp; &nbsp; &nbsp; &nbsp; &nbsp; &nbsp; &nbsp; &nbsp; &nbsp; &nbsp; &nbsp; &nbsp; &nbsp; &nbsp; &nbsp; &nbsp; &nbsp; &nbsp; &nbsp; &nbsp; &nbsp; &nbsp; &nbsp; &nbsp; &nbsp; &nbsp; &nbsp; &nbsp; &nbsp;&#8212;&#8212;&#8212;&#8212;&#8212;&#8212;&#8212;&#8212;&#8212;&#8211;<\/p>\n<p style=\"font-weight: 400\">Carlos Andr\u00e9s Romano, es Doctor Ingeniero Industrial desde 2001 y Catedr\u00e1tico de Universidad desde 2017 en el Departamento de Organizaci\u00f3n de Empresas de la Universitat Polit\u00e8cnica de Val\u00e8ncia. Imparte su docencia en la Escuela T\u00e9cnica Superior de Ingenieros Industriales de Valencia.<\/p>\n<p style=\"font-weight: 400\">Su trayectoria investigadora se ha centrado en los m\u00e1s de 25 a\u00f1os de actividad en&nbsp; \u00e1reas como la&nbsp;Fabricaci\u00f3n Celular, el Estudio del Trabajo, la Programaci\u00f3n y Secuenciaci\u00f3n de la Producci\u00f3n o la Optimizaci\u00f3n Combinatoria principalmente. Habiendo desarrollado en estos \u00e1mbitos&nbsp;Metodolog\u00edas, Marcos Conceptuales, Modelos de investigaci\u00f3n operativa (OR\/MS) e Inteligencia Artificial (IA), Sistemas de Ayuda a la Toma de Decisiones (DSS) y Tecnolog\u00edas Digitales, en contexto determinista e incierto. Los principales sectores industriales en los que ha trabajado son el cer\u00e1mico, el autom\u00f3vil, calzado y distribuci\u00f3n alimentaria.<\/p>\n<p style=\"font-weight: 400\">Su investigaci\u00f3n se ha concretado en 3 sexenios de investigaci\u00f3n y 1 de transferencia, 9 tesis doctorales en los \u00faltimos 10 a\u00f1os, m\u00e1s de 400 citas totales de sus 30 art\u00edculos en revistas indexadas de las que el 47% son en el primer tercil y el 37% en el segundo tercil, 12 cap\u00edtulos de libro en editoriales internacionales de reconocido prestigio y una participaci\u00f3n en cerca de 140 congresos, casi todos ellos internacionales peer review adem\u00e1s de su participaci\u00f3n en 38 proyectos de investigaci\u00f3n financiados en convocatorias p\u00fablicas y privadas.<\/p>\n<p style=\"font-weight: 400\">En el \u00e1mbito docente ha participado en&nbsp;<strong>28 proyectos de innovaci\u00f3n docente,<\/strong>&nbsp;donde cabe destacar el premio a la excelencia docente que recibi\u00f3 en 2001 y el 2 premio recibido en la UPV por la aplicaci\u00f3n de metodolog\u00edas Flip Teaching a la asignatura de GIOi de \u201cProgramaci\u00f3n y Control de Producci\u00f3n y Operaciones\u201d.<\/p>\n<p style=\"font-weight: 400\">Ha sido o es miembro de las siguientes asociaciones cient\u00edficas: \u201cReal Sociedad Econ\u00f3mica de Amigos del Pa\u00eds de Valencia\u201d, \u201cEURO -The Association of European Operational Research Societies\u201d, \u201cAsociaci\u00f3n para el Desarrollo de la Ingenier\u00eda de Organizaci\u00f3n \u2013 ADINGOR\u201d y \u201cSociedad Espa\u00f1ola de Estad\u00edstica e Investigaci\u00f3n Operativa SEIO\u201d.<\/p>\n<p>&nbsp;<\/p>\n<p><span style=\"text-decoration: underline\"><strong>Lourdes Can\u00f3s Dar\u00f3s<\/strong><\/span><\/p>\n<p>Lourdes Can\u00f3s Dar\u00f3s, Ph.D. is Full Professor in the Business Management Department at the Universidad Polit\u00e9cnica de Valencia. She has a degree in Business and Administration and her Ph.D. is about human resources management.&nbsp; She is a member of the research group ROGLE. She has held the position of Deputy Director of Tourism Management in Gandia Campus at the Universitat Polit\u00e8cnica de Val\u00e8ncia and the Deputy Head of Department for Secretary, and today she is part of different management committes. She has published papers in different international journals with recognized quality in the management field. As recognition, she has received awards for her research and for her work on teaching innovation. Moreover, she is an active participant in different meetings around the world together with other lecturers and managers of important companies. She has taught in different courses and seminars around the world. These conferences were about human resources management, management skills, decision making and management under uncertainty, touristic companies, skills and high education teaching.<\/p>\n<p>&nbsp; &nbsp; &nbsp; &nbsp; &nbsp; &nbsp; &nbsp; &nbsp; &nbsp; &nbsp; &nbsp; &nbsp; &nbsp; &nbsp; &nbsp; &nbsp; &nbsp; &nbsp; &nbsp; &nbsp; &nbsp; &nbsp; &nbsp; &nbsp; &nbsp; &nbsp; &nbsp; &nbsp; &nbsp; &nbsp; &nbsp; &nbsp; &nbsp; &nbsp;&#8212;&#8212;&#8212;&#8212;&#8212;&#8212;&#8212;&#8212;&#8212;&#8211;<\/p>\n<p>Dra. Lourdes Can\u00f3s Dar\u00f3s es Catedr\u00e1tica de Universidad en el Departamento de Organizaci\u00f3n de Empresas de la Universitat Polit\u00e8cnica de Val\u00e8ncia-UPV (Espa\u00f1a). Tiene la licenciatura en Administraci\u00f3n y Direcci\u00f3n de Empresas y es Doctora en Organizaci\u00f3n de Empresas. Ha ocupado el cargo de Subdirectora del \u00e1rea de Gesti\u00f3n Tur\u00edstica en el Campus de Gandia en la UPV y el de Secretaria del Departamento de Organizaci\u00f3n de Empresas, y forma parte de distintas comisiones de gesti\u00f3n. Ha publicado art\u00edculos en diferentes revistas cient\u00edficas internacionales de reconocido prestigio en el campo de la organizaci\u00f3n de empresas. Como reconocimiento, ha recibido varios premios por su investigaci\u00f3n y por sus trabajos sobre innovaci\u00f3n docente. Adem\u00e1s, participa activamente en congresos internacionales junto con otros profesores, cient\u00edficos y directores de empresas. Tambi\u00e9n ha impartido diversos cursos y seminarios sobre gesti\u00f3n de recursos humanos, habilidades directivas, toma de decisiones en situaciones de incertidumbre, organizaci\u00f3n de empresas tur\u00edsticas, formaci\u00f3n en competencias y docencia universitaria.<\/p>\n<div class=\"entry\">\n<p>&nbsp;<\/p>\n<p><span style=\"text-decoration: underline\"><strong>Jos\u00e9 P. Garcia-Sabater<\/strong><\/span><\/p>\n<p>Jos\u00e9 P. Garcia-Sabater is Full Professor of Operations Management in the Departamento de Organizaci\u00f3n de Empresas at the Universidad Polit\u00e9cnica de Valencia. He received his Ingeniero Industrial Degree and his PhD from the University Polit\u00e9cnica de Valencia (Spain). He also received a Combined Eng Degree from Coventry University (UK). Professor Garcia-Sabater\u2019s research and teaching interests are in the areas of supply chain management, operations management, and management science.&nbsp; He is&nbsp; member of the Scientific Committee of congresses and Editorial Boards. His work has appeared in journals such as European Journal of Operational Research, International Journal of Production Economics, Fuzzy Sets and Systems, Discrete Applied Mathematics, and others.<\/p>\n<p>Prof. Garcia-Sabater\u2019s research has focused on empirical studies of operations management in several key industries mainly at the Automotive Industry. These studies have examined mainly Production Planning and Inventory Coordination, but he has also developed in other areas like Assembly Line Balancing for handicapped people. His algorithms are running the assembly line sequencing process at Ford Espa\u00f1a Assembly Line, and many other SME enterprises are using software and algorithms that has been developed by himself. He also leads the Research Team ROGLE focused on the links Operations Management.<\/p>\n<p>Prof Garcia-Sabater actively leads projects with industrial companies mainly ate the automotive sector and the food industry. He has led (and leads) a number of regional and national funded projects, and has partipated (and participates) in European Funded Projects.<br \/>\njpgarcia@(*no*spam*)omp.upv.es<br \/>\n<a href=\"http:\/\/jpgarcia.blogs.upv.es\">http:\/\/jpgarcia.blogs.upv.es<\/a><\/p>\n<p>https:\/\/www.upv.es\/pls\/oalu\/sic_person.Info?p_alias=jpgarcia&#038;P_IDIOMA=i<\/p>\n<p><span style=\"text-decoration: underline\"><strong>Julio J. Garc\u00eda-Sabater<\/strong><\/span><\/p>\n<p>Julio Juan Garc\u00eda-Sabater, Ph.D. is an associate professor in the Department of Business Organization at the Polytechnic University of Valencia. He teaches courses related to Business Management and Continuous Improvement at the School of Industrial Engineers. He is a researcher in the ROGLE group and has participated in various projects funded by both public and private institutions. His research and technology transfer focus on process improvement and lean production, both in the industrial and service sectors. In this regard, he has developed projects with companies in the automotive, furniture, electronics, and healthcare sectors. Additionally, he has a significant line of work in adapting operations management tools in work environments with people with intellectual disabilities.<\/p>\n<p>&nbsp; &nbsp; &nbsp; &nbsp; &nbsp; &nbsp; &nbsp; &nbsp; &nbsp; &nbsp; &nbsp; &nbsp; &nbsp; &nbsp; &nbsp; &nbsp; &nbsp; &nbsp; &nbsp; &nbsp; &nbsp; &nbsp; &nbsp; &nbsp; &nbsp; &nbsp; &nbsp; &nbsp; &nbsp; &nbsp; &nbsp; &nbsp; &nbsp;&#8212;&#8212;&#8212;&#8212;&#8212;&#8212;&#8212;&#8212;&#8212;&#8211;<br \/>\nJulio Juan Garc\u00eda-Sabater es profesor titular del departamento de Organizaci\u00f3n de Empresas de la&nbsp; Universidad Polit\u00e9cnica de Valencia. Imparte asignaturas relacionadas con la gesti\u00f3n de Empresas y la mejora continua en la escuela de Ingenieros Industriales. Es investigador del grupo ROGLE y ha participado en diferentes proyectos financiados por instituciones tanto p\u00fablicas como privadas.&nbsp;Su \u00e1rea de investigaci\u00f3n y de transferencia de tecnolog\u00eda est\u00e1n centrada en mejora de procesos y de producci\u00f3n&nbsp;&nbsp;ajustada, tanto en el sector industrial como el de servicios. En este sentido ha desarrollado proyectos con empresas del sector del autom\u00f3vil, mueble, electr\u00f3nico y sector sanitario. Adem\u00e1s, tiene una l\u00ednea de trabajo importante en la adaptaci\u00f3n de herramientas de direcci\u00f3n de operaciones en entornos de trabajo con personas con discapacidad intelectual.<\/p>\n<p><span style=\"text-decoration: underline\"><strong style=\"font-size: revert;color: initial;text-decoration: underline\">Julien Maheut<\/strong><\/span><\/p>\n<p>Industrial Engineer from the UPV in 2008, Mechanical Engineer from the ENSAM (France) in 2008 with Excellence Award and Doctor Industrial Engineer by the UPV.<\/p>\n<p>Currently an Associate Professor at the UPV, he teaches courses such as Operations Management I &amp; II, Lean Manufacturing, Quantitative Methods for IO, Work Study, Artificial Intelligence, Logistics &amp; Operations Consulting, etc.<\/p>\n<p>His professional experience is related to the design, implementation and improvement of operations management systems, having worked on projects for companies such as Ford Motor Company, Faurecia, Johnson Controls, Schneider Electric, NTT Data, etc.<\/p>\n<p>Authors of more than 10 papers in JCR journals, more than 50 publications in other journals and prestigious books. I have participated in 5 European projects, 4 national research projects and more than 15 research contracts with companies.<\/p>\n<p>&nbsp;<\/p>\n<p><span style=\"text-decoration: underline\"><strong>Juan A. Mar\u00edn-Garcia<\/strong><\/span><\/p>\n<p>Ph. D. Juan A. Marin-Garcia is a Professor, member of the Departamento de Organizaci\u00f3n de Empresas at the Universitat Polit\u00e8cnica de Val\u00e8ncia (Spain). He has been Lecturer in Management, Teamwork and Human Resources Management since 1994, in the Degrees of Industrial Engineering and Business Management. Moreover, he is also Lecturer and Coordinator in Master courses and PhD programs. He is involved in the training of university lecturers and staff. Concerning these areas, he has also worked as a consultant for some companies in Spain and El Salvador (Central America). He is founder member of the Research Groups ROGLE and i-GRHUP where he develops research tasks in different projects. He is also founder member and designer and developer of pedagogical activities at IEMA (Innovation Group for Assessment and Active Methodologies). His main research areas are Participative Management, Continuous Improvement, Lean Manufacturing Systems, TQM, TPM, Performance Evaluation and Active Learning in Higher Education. He is Chief Editor of two academic journals: <a href=\"https:\/\/polipapers.upv.es\/index.php\/WPOM\" target=\"_blank\" rel=\"noopener noreferrer\">Working Papers on Operations Management<\/a>, and <a href=\"http:\/\/www.jiem.org\/index.php\/jiem\" target=\"_blank\" rel=\"noopener noreferrer\">Journal of Industrial Engineering and Management<\/a>. He is also Associate Editor in<a href=\"https:\/\/polipapers.upv.es\/index.php\/REDU\" target=\"_blank\" rel=\"noopener noreferrer\"> REDU-Revista de Docencia Universitaria<\/a>.<\/p>\n<div><a href=\"https:\/\/docs.google.com\/spreadsheets\/d\/1GCj5unw3FsKbweVX7Ls8EBFxKiqakSTW5awjW_7C06g\/edit?usp=sharing\">Research papers\/art\u00edculos de investigaci\u00f3n<\/a><\/div>\n<div>\n<div class=\"oid\">\n<div class=\"orcid-id-container\">\n<div class=\"workspace-section-header\"><a href=\"http:\/\/orcid.org\/0000-0001-5416-3938\"><span id=\"orcid-id\" class=\"orcid-id shortURI\">orcid.org\/0000-0001-5416-3938<\/span><\/a><\/div>\n<div class=\"workspace-section-header\"><a href=\"https:\/\/www.webofscience.com\/wos\/author\/record\/A-4069-2011\">ResearcherID (publons): J-7679-2019 (old id A-4069-2011)<\/a><\/div>\n<div class=\"workspace-section-header\"><a href=\"http:\/\/www.scopus.com\/inward\/authorDetails.url?authorID=14024595300&amp;partnerID=MN8TOARS\" target=\"_blank\" rel=\"noopener noreferrer\">Scopus Author ID: 14024595300<\/a><\/div>\n<div><a href=\"https:\/\/scholar.google.es\/citations?user=MWkpDqQAAAAJ&amp;hl=es\" target=\"_blank\" rel=\"noopener\">Google Scholar<\/a><\/div>\n<\/div>\n<\/div>\n<\/div>\n<h3><a title=\"datos de contacto\" href=\"https:\/\/jamg.blogs.upv.es\/about-2\/\">Contact information (<\/a><a href=\"https:\/\/jamg.blogs.upv.es\/about-2\/\">https:\/\/jamg.blogs.upv.es\/about-2\/<\/a><a title=\"datos de contacto\" href=\"https:\/\/jamg.blogs.upv.es\/about-2\/\">)<\/a><\/h3>\n<div>Facebook: <a href=\"https:\/\/www.facebook.com\/profile.php?id=100005029993160\" target=\"_blank\" rel=\"noopener noreferrer\">https:\/\/www.facebook.com\/profile.php?id=100005029993160<\/a><\/div>\n<div>Twitter:<a href=\"http:\/\/twitter.com\/JuanMarinUPV\" target=\"_blank\" rel=\"noopener noreferrer\">http:\/\/twitter.com\/JuanMarinUPV<\/a><\/div>\n<div>Linkedin:<a href=\"http:\/\/es.linkedin.com\/in\/roglejuanmaringarciaupv\" target=\"_blank\" rel=\"noopener noreferrer\">http:\/\/es.linkedin.com\/in\/roglejuanmaringarciaupv<\/a><\/div>\n<p>&nbsp;<\/p>\n<p><span style=\"text-decoration: underline\"><strong>Cristobal Miralles Insa<\/strong><\/span><\/p>\n<p>Crist\u00f3bal Miralles is PhD. In Industrial Engineering and Full Professor at the Industrial Engineering Faculty of Universitat Polit\u00e8cnica de Val\u00e8ncia (UPV) in Spain, where he also lectures at the Master on Corporate Social Responsibility. He is member of the Research group ROGLE at UPV Management Science Dept., with post-docs at Cardiff Business School (2004), University of Leeds (2010), Universidade de S\u00e3o Paulo (2012) and Universit\u00e9 Grenoble-Alpes (2019) and short stages in many other.<\/p>\n<p>His main research line is focused on the design of systems and workplaces accessible for people with disabilities through the use of Industrial Engineering tools; with multiple works published at international conferences and indexed journals, and also dealing with evaluation\/edition tasks for some of them. From his expertise in applied projects and consultancy, his research approach is also widen to other stakeholders within the CSR framework, defining models for translating sustainable policies &amp; strategies into the best operative practices.<\/p>\n<p>He lectures in four languages and is usual invited professor at prestige universities both European (e.g. Liverpool John Moores, Universit\u00e9 Grenoble-Alpes\u2026) and Latin-American (e.g. Universidade de S\u00e3o Paulo, Los Andes in Bogot\u00e1\u2026), and during five years (2011-2015) has been the Chair and coordinator of the Working Group on \u201cEthics and OR\u201d, a research network with more than 80 members inside EURO (European Association of Operational Research). Since then, he is in charge of CEDAT Foundation within the UPV Vice-Chancellor of Art, Science, Technology and Society of UPV.&nbsp; This foundation deals with different issues related with Disability, contributing to minimize the accessibility barriers of students both in the Campus and in the labor market. Through its Sheltered Work Centre, the foundation also promotes the socio-labor integration in collaboration with local stakeholders and launching visible activities that increase awareness in (and out) the UPV community.<\/p>\n<p>Since 2022, he is the director of the Valencian Interuniversity Chair for Innovation in Social Services, working closely with companies, institutions, and social agents in the region, and supporting several Service-Learning collaborations. These experiences, together with his inner interest on Values Education, have resulted in several case studies and moral dilemmas that he applies at the classroom in order to build critical&amp;ethical reasoning skills in the students.<\/p>\n<p>&nbsp; &nbsp; &nbsp; &nbsp; &nbsp; &nbsp; &nbsp; &nbsp; &nbsp; &nbsp; &nbsp; &nbsp; &nbsp; &nbsp; &nbsp; &nbsp; &nbsp; &nbsp; &nbsp; &nbsp; &nbsp; &nbsp; &nbsp; &nbsp; &nbsp; &nbsp; &nbsp; &nbsp; &nbsp; &nbsp; &nbsp; &nbsp; &nbsp; &nbsp;&#8212;&#8212;&#8212;&#8212;&#8212;&#8212;&#8212;&#8212;&#8212;&#8211;<\/p>\n<p>Catedr\u00e1tico de la Universitat Polit\u00e8cnica de Val\u00e8ncia (UPV), donde imparte clases en la Escuela T\u00e9cnica Superior de Ingenier\u00eda Industrial y en el M\u00e1ster en Responsabilidad y Sostenibilidad Corporativa. Su l\u00ednea de investigaci\u00f3n principal es el dise\u00f1o de sistemas y puestos de trabajo inclusivos mediante aproximaciones de Ingenier\u00eda de Organizaci\u00f3n Industrial, con m\u00faltiples trabajos publicados en congresos internacionales y revistas cient\u00edficas indexadas donde tambi\u00e9n ejerce puntualmente labores editoriales y de evaluaci\u00f3n. A partir de su experiencia en proyectos de transferencia y consultor\u00eda, su foco se abre a distintos grupos de inter\u00e9s, definiendo modelos gen\u00e9ricos para trasladar la responsabilidad social y ambiental a la praxis empresarial; as\u00ed como analizando estrategias sostenibles y buenas pr\u00e1cticas a nivel operativo.<\/p>\n<p>Imparte docencia en cuatro idiomas, siendo ponente invitado en m\u00faltiples cursos y seminarios internacionales en universidades tanto europeas (ej. Liverpool John Moores, Universit\u00e9 Grenoble-Alpes\u2026) como latinoamericanas (ej. Universidade de S\u00e3o Paulo, Los Andes en Bogot\u00e1\u2026). Fruto de su trayectoria, fue nombrado y ejerci\u00f3 durante cinco a\u00f1os (2011-2015) como Chair y responsable a nivel europeo del Working Group &#8220;Ethics and OR&#8221;, con m\u00e1s de 90 investigadores de EURO (Asociaci\u00f3n Europea de Investigaci\u00f3n Operativa); cargo que dej\u00f3 para coordinar la Fundaci\u00f3n CEDAT dentro del Vicerrectorado de Arte, Ciencia, Tecnolog\u00eda y Sociedad de la UPV. Esta fundaci\u00f3n ofrece ayudas t\u00e9cnicas y acompa\u00f1amiento a estudiantes con diversidad funcional para minimizar las barreras de accesibilidad tanto durante sus estudios como en su integraci\u00f3n profesional. A trav\u00e9s de su Centro Especial de Empleo, la fundaci\u00f3n tambi\u00e9n promueve la inclusi\u00f3n socio-laboral, trabajando junto a otros grupos de inter\u00e9s de la comunidad universitaria en actividades siempre visibles y generadoras de conciencia social y ambiental dentro y fuera del campus.<\/p>\n<p>Desde 2022 es director de la C\u00e1tedra Interuniversitaria del Sistema P\u00fablico Valenciano de Servicios Sociales, trabajando en red con universidades, empresas y agentes sociales. Por \u00faltimo, destacar su inter\u00e9s en la Innovaci\u00f3n Social y la Educaci\u00f3n en Valores, con experiencias de Aprendizaje-Servicio (ApS) en distintas organizaciones valencianas, as\u00ed como casos de estudio y dilemas morales que aplica en el aula con el objetivo de crear conciencia \u00e9tica y cr\u00edtica en el alumnado.<\/p>\n<p><strong><br \/>\n<span style=\"text-decoration: underline\">Pilar I. Vidal-Carreras<\/span><\/strong><\/p>\n<div class=\"flex-1 overflow-hidden\">\n<div class=\"react-scroll-to-bottom--css-meijt-79elbk h-full\">\n<div class=\"react-scroll-to-bottom--css-meijt-1n7m0yu\">\n<div class=\"flex flex-col text-sm pb-9\">\n<div class=\"w-full text-token-text-primary\" data-testid=\"conversation-turn-7\">\n<div class=\"px-4 py-2 justify-center text-base md:gap-6 m-auto\">\n<div class=\"flex flex-1 text-base mx-auto gap-3 md:px-5 lg:px-1 xl:px-5 md:max-w-3xl lg:max-w-[40rem] xl:max-w-[48rem] group final-completion\">\n<div class=\"relative flex w-full flex-col agent-turn\">\n<div class=\"flex-col gap-1 md:gap-3\">\n<div class=\"flex flex-grow flex-col max-w-full\">\n<div class=\"min-h-[20px] text-message flex flex-col items-start gap-3 whitespace-pre-wrap break-words [.text-message+&amp;]:mt-5 overflow-x-auto\" data-message-author-role=\"assistant\" data-message-id=\"f9886a01-3548-49e5-bd11-373b56056023\">\n<div class=\"markdown prose w-full break-words dark:prose-invert light\">\n<p>Pilar I. Vidal-Carreras, Ph.D. is an associate professor of operations management in the Department of Business Organization at the Universidad Polit\u00e9cnica de Valencia. She obtained her Industrial Engineering degree and her Ph.D. from the Universidad Polit\u00e9cnica de Valencia (Spain). Her research and teaching interests are focused on Operations Management and Lean Manufacturing in various sectors, such as industrial and healthcare. She has published numerous articles in prestigious conferences and journals and has participated in research projects at the European, university, regional, and Spanish Ministry levels. Currently, she is one of the principal investigators of a project developing resource planning models for individuals with diverse abilities.<\/p>\n<p>Also noteworthy is her research in education. Since a significant portion of her activity is devoted to teaching, the professor considers it essential not only to conduct research to ensure the highest possible knowledge in the subjects she teaches but also to investigate how to effectively convey that knowledge to students. Therefore, she has also published in the area of quality in teaching and has participated in 11 teaching innovation projects, serving as the principal investigator in two of them. It can be said that Pilar I. Vidal-Carreras&#8217;s curriculum is intertwined with one objective: to promote effective convergence between research and the needs of society, whether in the industrial, service, or educational fields, with a particular focus on the transfer and practical application of knowledge.<\/p>\n<\/div>\n<\/div>\n<\/div>\n<div class=\"mt-1 flex justify-start gap-3 empty:hidden\">\n<div class=\"text-gray-400 flex self-end lg:self-center items-center justify-center lg:justify-start mt-0 -ml-1 h-7 gap-[2px] visible\">\n<div class=\"flex\">&nbsp; &nbsp; &nbsp; &nbsp; &nbsp; &nbsp; &nbsp; &nbsp; &nbsp; &nbsp; &nbsp; &nbsp; &nbsp; &nbsp; &nbsp; &nbsp; &nbsp; &nbsp; &nbsp; &nbsp; &nbsp; &nbsp; &nbsp; &nbsp; &nbsp; &nbsp; &nbsp; &nbsp; &nbsp; &nbsp; &nbsp; &nbsp; &nbsp; &nbsp;&#8212;&#8212;&#8212;&#8212;&#8212;&#8212;&#8212;&#8212;&#8212;&#8211;<\/div>\n<\/div>\n<\/div>\n<\/div>\n<\/div>\n<\/div>\n<\/div>\n<\/div>\n<\/div>\n<\/div>\n<\/div>\n<\/div>\n<p>Pilar I. Vidal-Carreras es profesora de direcci\u00f3n de operaciones en el Departamento de Organizaci\u00f3n de Empresas de la Universidad Polit\u00e9cnica de Valencia. Obtuvo su t\u00edtulo de Ingeniera Industrial y su doctorado en la Universidad Polit\u00e9cnica de Valencia (Espa\u00f1a). Sus intereses de investigaci\u00f3n y ense\u00f1anza se centran en las \u00e1reas de Gesti\u00f3n de Operaciones y Lean Manufacturing en diversos sectores, como el industrial y el sanitario. Ha publicado numerosos art\u00edculos en congresos y revistas de prestigio, y ha participado en proyectos de investigaci\u00f3n a nivel europeo, universitario, regional y del Ministerio de Espa\u00f1a. Actualmente, es una de las investigadoras principales de un proyecto que desarrolla modelos de planificaci\u00f3n de recursos para personas con diversidad de capacidades.<\/p>\n<p>Tambi\u00e9n cabe destacar su investigaci\u00f3n en educaci\u00f3n. Puesto que una gran parte de su actividad se centra en la docencia, la profesora considera fundamental adem\u00e1s de investigar con el fin de que su conocimiento en las materias que imparto sea el mejor posible, investigar en que el modo de hacer llegar ese conocimiento a los alumnos tambi\u00e9n lo sea. Por ello tambi\u00e9n ha publicado en el \u00e1rea de calidad en docencia, as\u00ed como ha participado en 11 proyectos de innovaci\u00f3n docente, siendo investigadora principal en dos de ellos. Se puede afirmar que el curr\u00edculo de Pilar I. Vidal-Carreras se entrelaza en un objetivo: promover la efectiva convergencia entre la investigaci\u00f3n y las necesidades de la sociedad, ya sea en el \u00e1mbito industrial, de servicios o educativo, con un enfoque particular en la transferencia y aplicaci\u00f3n pr\u00e1ctica del conocimiento.<\/p>\n<p>&nbsp;<\/p>\n<\/div>\n","protected":false},"excerpt":{"rendered":"<p>Carlos Andr\u00e9s Romano https:\/\/www.upv.es\/pls\/oalu\/sic_person.Info?p_alias=candres&amp;P_IDIOMA=i Lourdes Can\u00f3s Daros https:\/\/www.upv.es\/pls\/oalu\/sic_person.Info?p_alias=loucada&amp;P_IDIOMA=i Jose P. Garcia Sabater https:\/\/www.upv.es\/pls\/oalu\/sic_person.Info?p_alias=jpgarcia&amp;P_IDIOMA=i Julio J. Garcia Sabater https:\/\/www.upv.es\/pls\/oalu\/sic_person.Info?p_alias=jugarsa&amp;P_IDIOMA=i Julien Maheut https:\/\/www.upv.es\/pls\/oalu\/sic_person.Info?p_alias=juma2&amp;P_IDIOMA=i Juan Antonio Mar\u00edn Garcia. https:\/\/www.upv.es\/pls\/oalu\/sic_person.Info?p_alias=jamarin&amp;P_IDIOMA=i Cristobal Miralles Insa&nbsp; https:\/\/www.researchgate.net\/profile\/Miralles_Cristobal Pilar I. Vidal Carreras https:\/\/www.upv.es\/pls\/oalu\/sic_person.Info?p_alias=pivicar&amp;P_IDIOMA=i &nbsp; Researchers Carlos Andr\u00e9s Romano Carlos Andr\u00e9s Romano, has been a Doctor of Industrial Engineering since 2001 and a University [&hellip;]<\/p>\n","protected":false},"author":470,"featured_media":0,"parent":0,"menu_order":1,"comment_status":"closed","ping_status":"closed","template":"","meta":{"ngg_post_thumbnail":0,"footnotes":""},"class_list":["post-98","page","type-page","status-publish","hentry"],"yoast_head":"<!-- This site is optimized with the Yoast SEO plugin v27.5 - https:\/\/yoast.com\/product\/yoast-seo-wordpress\/ -->\n<title>ROGLE members - ROGLE research group<\/title>\n<meta name=\"robots\" content=\"index, follow, max-snippet:-1, max-image-preview:large, max-video-preview:-1\" \/>\n<link rel=\"canonical\" href=\"https:\/\/rogle.webs.upv.es\/?page_id=98\" \/>\n<meta property=\"og:locale\" content=\"es_ES\" \/>\n<meta property=\"og:type\" content=\"article\" \/>\n<meta property=\"og:title\" content=\"ROGLE members - ROGLE research group\" \/>\n<meta property=\"og:description\" content=\"Carlos Andr\u00e9s Romano https:\/\/www.upv.es\/pls\/oalu\/sic_person.Info?p_alias=candres&amp;P_IDIOMA=i Lourdes Can\u00f3s Daros https:\/\/www.upv.es\/pls\/oalu\/sic_person.Info?p_alias=loucada&amp;P_IDIOMA=i Jose P. Garcia Sabater https:\/\/www.upv.es\/pls\/oalu\/sic_person.Info?p_alias=jpgarcia&amp;P_IDIOMA=i Julio J. Garcia Sabater https:\/\/www.upv.es\/pls\/oalu\/sic_person.Info?p_alias=jugarsa&amp;P_IDIOMA=i Julien Maheut https:\/\/www.upv.es\/pls\/oalu\/sic_person.Info?p_alias=juma2&amp;P_IDIOMA=i Juan Antonio Mar\u00edn Garcia. https:\/\/www.upv.es\/pls\/oalu\/sic_person.Info?p_alias=jamarin&amp;P_IDIOMA=i Cristobal Miralles Insa&nbsp; https:\/\/www.researchgate.net\/profile\/Miralles_Cristobal Pilar I. Vidal Carreras https:\/\/www.upv.es\/pls\/oalu\/sic_person.Info?p_alias=pivicar&amp;P_IDIOMA=i &nbsp; Researchers Carlos Andr\u00e9s Romano Carlos Andr\u00e9s Romano, has been a Doctor of Industrial Engineering since 2001 and a University [&hellip;]\" \/>\n<meta property=\"og:url\" content=\"https:\/\/rogle.webs.upv.es\/?page_id=98\" \/>\n<meta property=\"og:site_name\" content=\"ROGLE research group\" \/>\n<meta property=\"article:modified_time\" content=\"2024-04-03T09:16:42+00:00\" \/>\n<meta name=\"twitter:card\" content=\"summary_large_image\" \/>\n<meta name=\"twitter:label1\" content=\"Tiempo de lectura\" \/>\n\t<meta name=\"twitter:data1\" content=\"18 minutos\" \/>\n<script type=\"application\/ld+json\" class=\"yoast-schema-graph\">{\"@context\":\"https:\\\/\\\/schema.org\",\"@graph\":[{\"@type\":\"WebPage\",\"@id\":\"https:\\\/\\\/rogle.webs.upv.es\\\/?page_id=98\",\"url\":\"https:\\\/\\\/rogle.webs.upv.es\\\/?page_id=98\",\"name\":\"ROGLE members - ROGLE research group\",\"isPartOf\":{\"@id\":\"https:\\\/\\\/rogle.webs.upv.es\\\/#website\"},\"datePublished\":\"2020-03-24T12:10:50+00:00\",\"dateModified\":\"2024-04-03T09:16:42+00:00\",\"breadcrumb\":{\"@id\":\"https:\\\/\\\/rogle.webs.upv.es\\\/?page_id=98#breadcrumb\"},\"inLanguage\":\"es\",\"potentialAction\":[{\"@type\":\"ReadAction\",\"target\":[\"https:\\\/\\\/rogle.webs.upv.es\\\/?page_id=98\"]}]},{\"@type\":\"BreadcrumbList\",\"@id\":\"https:\\\/\\\/rogle.webs.upv.es\\\/?page_id=98#breadcrumb\",\"itemListElement\":[{\"@type\":\"ListItem\",\"position\":1,\"name\":\"Portada\",\"item\":\"https:\\\/\\\/rogle.webs.upv.es\\\/\"},{\"@type\":\"ListItem\",\"position\":2,\"name\":\"ROGLE members\"}]},{\"@type\":\"WebSite\",\"@id\":\"https:\\\/\\\/rogle.webs.upv.es\\\/#website\",\"url\":\"https:\\\/\\\/rogle.webs.upv.es\\\/\",\"name\":\"ROGLE research group\",\"description\":\"ROGLE research group\",\"potentialAction\":[{\"@type\":\"SearchAction\",\"target\":{\"@type\":\"EntryPoint\",\"urlTemplate\":\"https:\\\/\\\/rogle.webs.upv.es\\\/?s={search_term_string}\"},\"query-input\":{\"@type\":\"PropertyValueSpecification\",\"valueRequired\":true,\"valueName\":\"search_term_string\"}}],\"inLanguage\":\"es\"}]}<\/script>\n<!-- \/ Yoast SEO plugin. -->","yoast_head_json":{"title":"ROGLE members - ROGLE research group","robots":{"index":"index","follow":"follow","max-snippet":"max-snippet:-1","max-image-preview":"max-image-preview:large","max-video-preview":"max-video-preview:-1"},"canonical":"https:\/\/rogle.webs.upv.es\/?page_id=98","og_locale":"es_ES","og_type":"article","og_title":"ROGLE members - ROGLE research group","og_description":"Carlos Andr\u00e9s Romano https:\/\/www.upv.es\/pls\/oalu\/sic_person.Info?p_alias=candres&amp;P_IDIOMA=i Lourdes Can\u00f3s Daros https:\/\/www.upv.es\/pls\/oalu\/sic_person.Info?p_alias=loucada&amp;P_IDIOMA=i Jose P. Garcia Sabater https:\/\/www.upv.es\/pls\/oalu\/sic_person.Info?p_alias=jpgarcia&amp;P_IDIOMA=i Julio J. Garcia Sabater https:\/\/www.upv.es\/pls\/oalu\/sic_person.Info?p_alias=jugarsa&amp;P_IDIOMA=i Julien Maheut https:\/\/www.upv.es\/pls\/oalu\/sic_person.Info?p_alias=juma2&amp;P_IDIOMA=i Juan Antonio Mar\u00edn Garcia. https:\/\/www.upv.es\/pls\/oalu\/sic_person.Info?p_alias=jamarin&amp;P_IDIOMA=i Cristobal Miralles Insa&nbsp; https:\/\/www.researchgate.net\/profile\/Miralles_Cristobal Pilar I. Vidal Carreras https:\/\/www.upv.es\/pls\/oalu\/sic_person.Info?p_alias=pivicar&amp;P_IDIOMA=i &nbsp; Researchers Carlos Andr\u00e9s Romano Carlos Andr\u00e9s Romano, has been a Doctor of Industrial Engineering since 2001 and a University [&hellip;]","og_url":"https:\/\/rogle.webs.upv.es\/?page_id=98","og_site_name":"ROGLE research group","article_modified_time":"2024-04-03T09:16:42+00:00","twitter_card":"summary_large_image","twitter_misc":{"Tiempo de lectura":"18 minutos"},"schema":{"@context":"https:\/\/schema.org","@graph":[{"@type":"WebPage","@id":"https:\/\/rogle.webs.upv.es\/?page_id=98","url":"https:\/\/rogle.webs.upv.es\/?page_id=98","name":"ROGLE members - ROGLE research group","isPartOf":{"@id":"https:\/\/rogle.webs.upv.es\/#website"},"datePublished":"2020-03-24T12:10:50+00:00","dateModified":"2024-04-03T09:16:42+00:00","breadcrumb":{"@id":"https:\/\/rogle.webs.upv.es\/?page_id=98#breadcrumb"},"inLanguage":"es","potentialAction":[{"@type":"ReadAction","target":["https:\/\/rogle.webs.upv.es\/?page_id=98"]}]},{"@type":"BreadcrumbList","@id":"https:\/\/rogle.webs.upv.es\/?page_id=98#breadcrumb","itemListElement":[{"@type":"ListItem","position":1,"name":"Portada","item":"https:\/\/rogle.webs.upv.es\/"},{"@type":"ListItem","position":2,"name":"ROGLE members"}]},{"@type":"WebSite","@id":"https:\/\/rogle.webs.upv.es\/#website","url":"https:\/\/rogle.webs.upv.es\/","name":"ROGLE research group","description":"ROGLE research group","potentialAction":[{"@type":"SearchAction","target":{"@type":"EntryPoint","urlTemplate":"https:\/\/rogle.webs.upv.es\/?s={search_term_string}"},"query-input":{"@type":"PropertyValueSpecification","valueRequired":true,"valueName":"search_term_string"}}],"inLanguage":"es"}]}},"_links":{"self":[{"href":"https:\/\/rogle.blogs.upv.es\/index.php?rest_route=\/wp\/v2\/pages\/98","targetHints":{"allow":["GET"]}}],"collection":[{"href":"https:\/\/rogle.blogs.upv.es\/index.php?rest_route=\/wp\/v2\/pages"}],"about":[{"href":"https:\/\/rogle.blogs.upv.es\/index.php?rest_route=\/wp\/v2\/types\/page"}],"author":[{"embeddable":true,"href":"https:\/\/rogle.blogs.upv.es\/index.php?rest_route=\/wp\/v2\/users\/470"}],"replies":[{"embeddable":true,"href":"https:\/\/rogle.blogs.upv.es\/index.php?rest_route=%2Fwp%2Fv2%2Fcomments&post=98"}],"version-history":[{"count":1,"href":"https:\/\/rogle.blogs.upv.es\/index.php?rest_route=\/wp\/v2\/pages\/98\/revisions"}],"predecessor-version":[{"id":288,"href":"https:\/\/rogle.blogs.upv.es\/index.php?rest_route=\/wp\/v2\/pages\/98\/revisions\/288"}],"wp:attachment":[{"href":"https:\/\/rogle.blogs.upv.es\/index.php?rest_route=%2Fwp%2Fv2%2Fmedia&parent=98"}],"curies":[{"name":"wp","href":"https:\/\/api.w.org\/{rel}","templated":true}]}}